{"id":15551,"date":"2011-04-10T20:20:41","date_gmt":"2011-04-10T18:20:41","guid":{"rendered":"https:\/\/thomasgroslier.fr\/?post_type=product&#038;p=15551"},"modified":"2026-04-20T08:40:15","modified_gmt":"2026-04-20T06:40:15","slug":"jardin-de-nuit-2","status":"publish","type":"product","link":"https:\/\/thomasgroslier.fr\/en\/product\/jardin-de-nuit-2\/","title":{"rendered":"\"Night Garden\""},"content":{"rendered":"<figure id=\"attachment_15553\" aria-describedby=\"caption-attachment-15553\" style=\"width: 376px\" class=\"wp-caption alignnone\"><a href=\"https:\/\/thomasgroslier.fr\/en\/?attachment_id=15553\"><img data-recalc-dims=\"1\" loading=\"lazy\" decoding=\"async\" data-attachment-id=\"15553\" data-permalink=\"https:\/\/thomasgroslier.fr\/en\/?attachment_id=15553\" data-orig-file=\"https:\/\/i0.wp.com\/thomasgroslier.fr\/wp-content\/uploads\/2025\/04\/2024-11.jardin-de-nuit-web-1.jpg?fit=709%2C584&ssl=1\" data-orig-size=\"709,584\" data-comments-opened=\"0\" data-image-meta=\"{&quot;aperture&quot;:&quot;0&quot;,&quot;credit&quot;:&quot;&quot;,&quot;camera&quot;:&quot;&quot;,&quot;caption&quot;:&quot;&quot;,&quot;created_timestamp&quot;:&quot;0&quot;,&quot;copyright&quot;:&quot;&quot;,&quot;focal_length&quot;:&quot;0&quot;,&quot;iso&quot;:&quot;0&quot;,&quot;shutter_speed&quot;:&quot;0&quot;,&quot;title&quot;:&quot;&quot;,&quot;orientation&quot;:&quot;0&quot;}\" data-image-title=\"peinture-jardin-de-nuit-cadre.jpg\" data-image-description=\"<p>Tableau surr\u00e9aliste et onirique repr\u00e9sentant une femme dans un jardin nocturne, baign\u00e9e d&rsquo;une lumi\u00e8re \u00e9nigmatique. Le contraste entre le corps vivant et la statue fig\u00e9e en arri\u00e8re-plan cr\u00e9e une atmosph\u00e8re troublante et po\u00e9tique.<\/p>\" data-image-caption=\"<p>\u00ab\u00a0Jardin de nuit\u00a0\u00bb 2011-2024 Huile sur toile 60 cm x 73 cm<\/p>\" data-large-file=\"https:\/\/i0.wp.com\/thomasgroslier.fr\/wp-content\/uploads\/2025\/04\/2024-11.jardin-de-nuit-web-1.jpg?fit=640%2C527&ssl=1\" class=\"wp-image-15553\" src=\"https:\/\/i0.wp.com\/thomasgroslier.fr\/wp-content\/uploads\/2025\/04\/2024-11.jardin-de-nuit-web-1.jpg?resize=376%2C310&ssl=1\" alt=\"Jeune femme allong\u00e9e sur un drap dans un jardin nocturne, partiellement d\u00e9v\u00eatue, entour\u00e9e de v\u00e9g\u00e9tation dense et d\u2019une statue f\u00e9minine en arri\u00e8re-plan\" width=\"376\" height=\"310\" srcset=\"https:\/\/i0.wp.com\/thomasgroslier.fr\/wp-content\/uploads\/2025\/04\/2024-11.jardin-de-nuit-web-1.jpg?w=709&ssl=1 709w, https:\/\/i0.wp.com\/thomasgroslier.fr\/wp-content\/uploads\/2025\/04\/2024-11.jardin-de-nuit-web-1.jpg?resize=300%2C247&ssl=1 300w, https:\/\/i0.wp.com\/thomasgroslier.fr\/wp-content\/uploads\/2025\/04\/2024-11.jardin-de-nuit-web-1.jpg?resize=400%2C329&ssl=1 400w, https:\/\/i0.wp.com\/thomasgroslier.fr\/wp-content\/uploads\/2025\/04\/2024-11.jardin-de-nuit-web-1.jpg?resize=600%2C494&ssl=1 600w\" sizes=\"auto, (max-width: 376px) 100vw, 376px\" \/><\/a><figcaption id=\"caption-attachment-15553\" class=\"wp-caption-text\">\u00ab\u00a0Jardin de nuit\u00a0\u00bb 2011-2024 Huile sur toile 60 cm x 73 cm<\/figcaption><\/figure>\n<p><span style=\"font-size: 20px;\">2011-2014<\/span><\/p>\n<p><span style=\"font-size: 20px;\">Huile sur toile<\/span><\/p>\n<p><span style=\"font-size: 20px;\">60 cm x 73 cm x 3 cm<\/span><\/p>\n<p><span style=\"font-size: 20px;\">Encadrement bois argent\u00e9<\/span><\/p>\n<p><span style=\"font-size: 20px;\">Paiement s\u00e9curis\u00e9<\/span><\/p>\n<p><span style=\"font-size: 20px;\">Delivery time: 4 to 10 days<\/span><\/p>","protected":false},"excerpt":{"rendered":"<p><span style=\"font-size: 20px;\">2011-2014<\/span><\/p>\n<p><span style=\"font-size: 20px;\">Huile sur toile<\/span><\/p>\n<p><span style=\"font-size: 20px;\">60 cm x 73 cm x 3 cm<\/span><\/p>\n<p><span style=\"font-size: 20px;\">Encadrement bois argent\u00e9<\/span><\/p>\n<p><span style=\"font-size: 20px;\">Paiement s\u00e9curis\u00e9<\/span><\/p>\n<p><span style=\"font-size: 20px;\">Delivery time: 4 to 10 days<\/span><\/p>","protected":false},"featured_media":15553,"template":"","meta":{"_themeisle_gutenberg_block_has_review":false,"jetpack_post_was_ever_published":true,"jetpack_publicize_message":"","jetpack_publicize_feature_enabled":true,"jetpack_social_post_already_shared":false,"jetpack_social_options":{"image_generator_settings":{"template":"highway","default_image_id":0,"font":"","enabled":false},"version":2}},"product_brand":[],"product_cat":[50,104,89],"product_tag":[],"class_list":{"0":"post-15551","1":"product","2":"type-product","3":"status-publish","4":"has-post-thumbnail","6":"product_cat-peinture","7":"product_cat-scene-de-genre","8":"product_cat-toute-categories","9":"product_shipping_class-envoi-suivi-la-poste","10":"","12":"first","13":"instock","14":"shipping-taxable","15":"purchasable","16":"product-type-simple"},"yoast_head":"<!-- This site is optimized with the Yoast SEO plugin v27.5 - https:\/\/yoast.com\/product\/yoast-seo-wordpress\/ -->\n<title>&quot;Jardin de nuit&quot; - Thomas Groslier - Artiste peintre<\/title>\n<meta name=\"description\" content=\"Tableau onirique repr\u00e9sentant une femme au repos dans un jardin nocturne, baign\u00e9e d\u2019une lumi\u00e8re silencieuse. Un contraste saisissant s\u2019installe entre son corps vivant et une statue f\u00e9minine dans l\u2019ombre des arbres.\" \/>\n<meta name=\"robots\" content=\"index, follow, max-snippet:-1, max-image-preview:large, max-video-preview:-1\" \/>\n<link rel=\"canonical\" href=\"https:\/\/thomasgroslier.fr\/en\/product\/jardin-de-nuit-2\/\" \/>\n<meta property=\"og:locale\" content=\"en_GB\" \/>\n<meta property=\"og:type\" content=\"article\" \/>\n<meta property=\"og:title\" content=\"&quot;Jardin de nuit&quot; - Thomas Groslier - Artiste peintre\" \/>\n<meta property=\"og:description\" content=\"Tableau onirique repr\u00e9sentant une femme au repos dans un jardin nocturne, baign\u00e9e d\u2019une lumi\u00e8re silencieuse. Un contraste saisissant s\u2019installe entre son corps vivant et une statue f\u00e9minine dans l\u2019ombre des arbres.\" \/>\n<meta property=\"og:url\" content=\"https:\/\/thomasgroslier.fr\/en\/product\/jardin-de-nuit-2\/\" \/>\n<meta property=\"og:site_name\" content=\"Thomas Groslier - Artiste peintre\" \/>\n<meta property=\"article:modified_time\" content=\"2026-04-20T06:40:15+00:00\" \/>\n<meta property=\"og:image\" content=\"https:\/\/thomasgroslier.fr\/wp-content\/uploads\/2025\/04\/2024-11.jardin-de-nuit-web-1.jpg\" \/>\n\t<meta property=\"og:image:width\" content=\"709\" \/>\n\t<meta property=\"og:image:height\" content=\"584\" \/>\n\t<meta property=\"og:image:type\" content=\"image\/jpeg\" \/>\n<meta name=\"twitter:card\" content=\"summary_large_image\" \/>\n<meta name=\"twitter:label1\" content=\"Estimated reading time\" \/>\n\t<meta name=\"twitter:data1\" content=\"1 minute\" \/>\n<script type=\"application\/ld+json\" class=\"yoast-schema-graph\">{\"@context\":\"https:\\\/\\\/schema.org\",\"@graph\":[{\"@type\":\"WebPage\",\"@id\":\"https:\\\/\\\/thomasgroslier.fr\\\/produit\\\/jardin-de-nuit-2\\\/\",\"url\":\"https:\\\/\\\/thomasgroslier.fr\\\/produit\\\/jardin-de-nuit-2\\\/\",\"name\":\"\\\"Jardin de nuit\\\" - Thomas Groslier - Artiste peintre\",\"isPartOf\":{\"@id\":\"https:\\\/\\\/thomasgroslier.fr\\\/#website\"},\"primaryImageOfPage\":{\"@id\":\"https:\\\/\\\/thomasgroslier.fr\\\/produit\\\/jardin-de-nuit-2\\\/#primaryimage\"},\"image\":{\"@id\":\"https:\\\/\\\/thomasgroslier.fr\\\/produit\\\/jardin-de-nuit-2\\\/#primaryimage\"},\"thumbnailUrl\":\"https:\\\/\\\/i0.wp.com\\\/thomasgroslier.fr\\\/wp-content\\\/uploads\\\/2025\\\/04\\\/2024-11.jardin-de-nuit-web-1.jpg?fit=709%2C584&ssl=1\",\"datePublished\":\"2011-04-10T18:20:41+00:00\",\"dateModified\":\"2026-04-20T06:40:15+00:00\",\"description\":\"Tableau onirique repr\u00e9sentant une femme au repos dans un jardin nocturne, baign\u00e9e d\u2019une lumi\u00e8re silencieuse. Un contraste saisissant s\u2019installe entre son corps vivant et une statue f\u00e9minine dans l\u2019ombre des arbres.\",\"breadcrumb\":{\"@id\":\"https:\\\/\\\/thomasgroslier.fr\\\/produit\\\/jardin-de-nuit-2\\\/#breadcrumb\"},\"inLanguage\":\"en-GB\",\"potentialAction\":[{\"@type\":\"ReadAction\",\"target\":[\"https:\\\/\\\/thomasgroslier.fr\\\/produit\\\/jardin-de-nuit-2\\\/\"]}]},{\"@type\":\"ImageObject\",\"inLanguage\":\"en-GB\",\"@id\":\"https:\\\/\\\/thomasgroslier.fr\\\/produit\\\/jardin-de-nuit-2\\\/#primaryimage\",\"url\":\"https:\\\/\\\/i0.wp.com\\\/thomasgroslier.fr\\\/wp-content\\\/uploads\\\/2025\\\/04\\\/2024-11.jardin-de-nuit-web-1.jpg?fit=709%2C584&ssl=1\",\"contentUrl\":\"https:\\\/\\\/i0.wp.com\\\/thomasgroslier.fr\\\/wp-content\\\/uploads\\\/2025\\\/04\\\/2024-11.jardin-de-nuit-web-1.jpg?fit=709%2C584&ssl=1\",\"width\":709,\"height\":584,\"caption\":\"\\\"Jardin de nuit\\\" 2011-2024 Huile sur toile 60 cm x 73 cm\"},{\"@type\":\"BreadcrumbList\",\"@id\":\"https:\\\/\\\/thomasgroslier.fr\\\/produit\\\/jardin-de-nuit-2\\\/#breadcrumb\",\"itemListElement\":[{\"@type\":\"ListItem\",\"position\":1,\"name\":\"Accueil\",\"item\":\"https:\\\/\\\/thomasgroslier.fr\\\/\"},{\"@type\":\"ListItem\",\"position\":2,\"name\":\"La boutique\",\"item\":\"https:\\\/\\\/thomasgroslier.fr\\\/la-boutique\\\/\"},{\"@type\":\"ListItem\",\"position\":3,\"name\":\"\u00ab\u00a0Jardin de nuit\u00a0\u00bb\"}]},{\"@type\":\"WebSite\",\"@id\":\"https:\\\/\\\/thomasgroslier.fr\\\/#website\",\"url\":\"https:\\\/\\\/thomasgroslier.fr\\\/\",\"name\":\"Thomas Groslier - Artiste peintre\",\"description\":\"\",\"publisher\":{\"@id\":\"https:\\\/\\\/thomasgroslier.fr\\\/#organization\"},\"alternateName\":\"Thomas Groslier\",\"potentialAction\":[{\"@type\":\"SearchAction\",\"target\":{\"@type\":\"EntryPoint\",\"urlTemplate\":\"https:\\\/\\\/thomasgroslier.fr\\\/?s={search_term_string}\"},\"query-input\":{\"@type\":\"PropertyValueSpecification\",\"valueRequired\":true,\"valueName\":\"search_term_string\"}}],\"inLanguage\":\"en-GB\"},{\"@type\":\"Organization\",\"@id\":\"https:\\\/\\\/thomasgroslier.fr\\\/#organization\",\"name\":\"Thomas Groslier - Artiste peintre\",\"url\":\"https:\\\/\\\/thomasgroslier.fr\\\/\",\"logo\":{\"@type\":\"ImageObject\",\"inLanguage\":\"en-GB\",\"@id\":\"https:\\\/\\\/thomasgroslier.fr\\\/#\\\/schema\\\/logo\\\/image\\\/\",\"url\":\"https:\\\/\\\/i0.wp.com\\\/thomasgroslier.fr\\\/wp-content\\\/uploads\\\/2018\\\/06\\\/cropped-cropped-cropped-autoportrait-le-soir1.jpg?fit=512%2C512&ssl=1\",\"contentUrl\":\"https:\\\/\\\/i0.wp.com\\\/thomasgroslier.fr\\\/wp-content\\\/uploads\\\/2018\\\/06\\\/cropped-cropped-cropped-autoportrait-le-soir1.jpg?fit=512%2C512&ssl=1\",\"width\":512,\"height\":512,\"caption\":\"Thomas Groslier - Artiste peintre\"},\"image\":{\"@id\":\"https:\\\/\\\/thomasgroslier.fr\\\/#\\\/schema\\\/logo\\\/image\\\/\"}}]}<\/script>\n<!-- \/ Yoast SEO plugin. -->","yoast_head_json":{"title":"\"Jardin de nuit\" - Thomas Groslier - Artiste peintre","description":"Tableau onirique repr\u00e9sentant une femme au repos dans un jardin nocturne, baign\u00e9e d\u2019une lumi\u00e8re silencieuse. Un contraste saisissant s\u2019installe entre son corps vivant et une statue f\u00e9minine dans l\u2019ombre des arbres.","robots":{"index":"index","follow":"follow","max-snippet":"max-snippet:-1","max-image-preview":"max-image-preview:large","max-video-preview":"max-video-preview:-1"},"canonical":"https:\/\/thomasgroslier.fr\/en\/product\/jardin-de-nuit-2\/","og_locale":"en_GB","og_type":"article","og_title":"\"Jardin de nuit\" - Thomas Groslier - Artiste peintre","og_description":"Tableau onirique repr\u00e9sentant une femme au repos dans un jardin nocturne, baign\u00e9e d\u2019une lumi\u00e8re silencieuse. Un contraste saisissant s\u2019installe entre son corps vivant et une statue f\u00e9minine dans l\u2019ombre des arbres.","og_url":"https:\/\/thomasgroslier.fr\/en\/product\/jardin-de-nuit-2\/","og_site_name":"Thomas Groslier - Artiste peintre","article_modified_time":"2026-04-20T06:40:15+00:00","og_image":[{"width":709,"height":584,"url":"https:\/\/thomasgroslier.fr\/wp-content\/uploads\/2025\/04\/2024-11.jardin-de-nuit-web-1.jpg","type":"image\/jpeg"}],"twitter_card":"summary_large_image","twitter_misc":{"Estimated reading time":"1 minute"},"schema":{"@context":"https:\/\/schema.org","@graph":[{"@type":"WebPage","@id":"https:\/\/thomasgroslier.fr\/produit\/jardin-de-nuit-2\/","url":"https:\/\/thomasgroslier.fr\/produit\/jardin-de-nuit-2\/","name":"\"Jardin de nuit\" - Thomas Groslier - Artiste peintre","isPartOf":{"@id":"https:\/\/thomasgroslier.fr\/#website"},"primaryImageOfPage":{"@id":"https:\/\/thomasgroslier.fr\/produit\/jardin-de-nuit-2\/#primaryimage"},"image":{"@id":"https:\/\/thomasgroslier.fr\/produit\/jardin-de-nuit-2\/#primaryimage"},"thumbnailUrl":"https:\/\/i0.wp.com\/thomasgroslier.fr\/wp-content\/uploads\/2025\/04\/2024-11.jardin-de-nuit-web-1.jpg?fit=709%2C584&ssl=1","datePublished":"2011-04-10T18:20:41+00:00","dateModified":"2026-04-20T06:40:15+00:00","description":"Tableau onirique repr\u00e9sentant une femme au repos dans un jardin nocturne, baign\u00e9e d\u2019une lumi\u00e8re silencieuse. Un contraste saisissant s\u2019installe entre son corps vivant et une statue f\u00e9minine dans l\u2019ombre des arbres.","breadcrumb":{"@id":"https:\/\/thomasgroslier.fr\/produit\/jardin-de-nuit-2\/#breadcrumb"},"inLanguage":"en-GB","potentialAction":[{"@type":"ReadAction","target":["https:\/\/thomasgroslier.fr\/produit\/jardin-de-nuit-2\/"]}]},{"@type":"ImageObject","inLanguage":"en-GB","@id":"https:\/\/thomasgroslier.fr\/produit\/jardin-de-nuit-2\/#primaryimage","url":"https:\/\/i0.wp.com\/thomasgroslier.fr\/wp-content\/uploads\/2025\/04\/2024-11.jardin-de-nuit-web-1.jpg?fit=709%2C584&ssl=1","contentUrl":"https:\/\/i0.wp.com\/thomasgroslier.fr\/wp-content\/uploads\/2025\/04\/2024-11.jardin-de-nuit-web-1.jpg?fit=709%2C584&ssl=1","width":709,"height":584,"caption":"\"Jardin de nuit\" 2011-2024 Huile sur toile 60 cm x 73 cm"},{"@type":"BreadcrumbList","@id":"https:\/\/thomasgroslier.fr\/produit\/jardin-de-nuit-2\/#breadcrumb","itemListElement":[{"@type":"ListItem","position":1,"name":"Accueil","item":"https:\/\/thomasgroslier.fr\/"},{"@type":"ListItem","position":2,"name":"La boutique","item":"https:\/\/thomasgroslier.fr\/la-boutique\/"},{"@type":"ListItem","position":3,"name":"\u00ab\u00a0Jardin de nuit\u00a0\u00bb"}]},{"@type":"WebSite","@id":"https:\/\/thomasgroslier.fr\/#website","url":"https:\/\/thomasgroslier.fr\/","name":"Thomas Groslier - Artiste peintre","description":"","publisher":{"@id":"https:\/\/thomasgroslier.fr\/#organization"},"alternateName":"Thomas Groslier","potentialAction":[{"@type":"SearchAction","target":{"@type":"EntryPoint","urlTemplate":"https:\/\/thomasgroslier.fr\/?s={search_term_string}"},"query-input":{"@type":"PropertyValueSpecification","valueRequired":true,"valueName":"search_term_string"}}],"inLanguage":"en-GB"},{"@type":"Organization","@id":"https:\/\/thomasgroslier.fr\/#organization","name":"Thomas Groslier - Artiste peintre","url":"https:\/\/thomasgroslier.fr\/","logo":{"@type":"ImageObject","inLanguage":"en-GB","@id":"https:\/\/thomasgroslier.fr\/#\/schema\/logo\/image\/","url":"https:\/\/i0.wp.com\/thomasgroslier.fr\/wp-content\/uploads\/2018\/06\/cropped-cropped-cropped-autoportrait-le-soir1.jpg?fit=512%2C512&ssl=1","contentUrl":"https:\/\/i0.wp.com\/thomasgroslier.fr\/wp-content\/uploads\/2018\/06\/cropped-cropped-cropped-autoportrait-le-soir1.jpg?fit=512%2C512&ssl=1","width":512,"height":512,"caption":"Thomas Groslier - Artiste peintre"},"image":{"@id":"https:\/\/thomasgroslier.fr\/#\/schema\/logo\/image\/"}}]}},"jetpack_publicize_connections":[],"jetpack_sharing_enabled":true,"jetpack-related-posts":[{"id":10360,"url":"https:\/\/thomasgroslier.fr\/en\/product\/jardin-de-nuit\/","url_meta":{"origin":15551,"position":0},"title":"Night garden","author":"T\u00e9g\u00e9","date":"2 April 2014","format":false,"excerpt":"2012 Huile sur toile de lin tendue sur ch\u00e2ssis 60 cm x 73 cm X 2 cm D\u00e9lais de livraison : 4 \u00e0 10 jours \u00a0 \u00a0","rel":"","context":"Similar post","block_context":{"text":"Similar post","link":""},"img":{"alt_text":"Jardin de nuit","src":"https:\/\/i0.wp.com\/thomasgroslier.fr\/wp-content\/uploads\/2018\/07\/11-2012automnejardinnuitlum.jpg?fit=709%2C579&ssl=1&resize=350%2C200","width":350,"height":200,"srcset":"https:\/\/i0.wp.com\/thomasgroslier.fr\/wp-content\/uploads\/2018\/07\/11-2012automnejardinnuitlum.jpg?fit=709%2C579&ssl=1&resize=350%2C200 1x, https:\/\/i0.wp.com\/thomasgroslier.fr\/wp-content\/uploads\/2018\/07\/11-2012automnejardinnuitlum.jpg?fit=709%2C579&ssl=1&resize=525%2C300 1.5x, https:\/\/i0.wp.com\/thomasgroslier.fr\/wp-content\/uploads\/2018\/07\/11-2012automnejardinnuitlum.jpg?fit=709%2C579&ssl=1&resize=700%2C400 2x"},"classes":[]},{"id":15941,"url":"https:\/\/thomasgroslier.fr\/en\/product\/le-jardin\/","url_meta":{"origin":15551,"position":1},"title":"The garden","author":"T\u00e9g\u00e9","date":"17 November 2020","format":false,"excerpt":"2012 Huile sur toile tendue sur ch\u00e2ssis 73 x 92 cm x 2 cm Encadrement bois noir (82 cm x 101 cm) D\u00e9lais de livraison : 4 \u00e0 10 jours Envoi en Colissimo recommand\u00e9 avec suivi et assurance ad valorem Il y a dans ce jardin quelque chose d\u2019ent\u00eat\u00e9, de\u2026","rel":"","context":"Similar post","block_context":{"text":"Similar post","link":""},"img":{"alt_text":"Peinture \u00e0 l\u2019huile repr\u00e9sentant un jardin clos o\u00f9 un fragment de statue \u2013 un pied monumental \u2013 repose sur un socle, entour\u00e9 de buissons taill\u00e9s, d\u2019un poirier paliss\u00e9 et d\u2019un paysage calme sous un ciel bleu","src":"https:\/\/i0.wp.com\/thomasgroslier.fr\/wp-content\/uploads\/2018\/07\/2012-07-pied-demichel-ange.jpg?fit=887%2C688&ssl=1&resize=350%2C200","width":350,"height":200,"srcset":"https:\/\/i0.wp.com\/thomasgroslier.fr\/wp-content\/uploads\/2018\/07\/2012-07-pied-demichel-ange.jpg?fit=887%2C688&ssl=1&resize=350%2C200 1x, https:\/\/i0.wp.com\/thomasgroslier.fr\/wp-content\/uploads\/2018\/07\/2012-07-pied-demichel-ange.jpg?fit=887%2C688&ssl=1&resize=525%2C300 1.5x, https:\/\/i0.wp.com\/thomasgroslier.fr\/wp-content\/uploads\/2018\/07\/2012-07-pied-demichel-ange.jpg?fit=887%2C688&ssl=1&resize=700%2C400 2x"},"classes":[]},{"id":15945,"url":"https:\/\/thomasgroslier.fr\/en\/product\/le-crabe\/","url_meta":{"origin":15551,"position":2},"title":"\"The crab\"","author":"T\u00e9g\u00e9","date":"26 November 2019","format":false,"excerpt":"2014 Huile sur toile tendue sur ch\u00e2ssis 60 x 74 cm x 2 cm \u00a0 \u00a0","rel":"","context":"Similar post","block_context":{"text":"Similar post","link":""},"img":{"alt_text":"femme prenant un bain de soleil","src":"https:\/\/i0.wp.com\/thomasgroslier.fr\/wp-content\/uploads\/2018\/06\/2014-02-lecrabe.jpg?fit=992%2C814&ssl=1&resize=350%2C200","width":350,"height":200,"srcset":"https:\/\/i0.wp.com\/thomasgroslier.fr\/wp-content\/uploads\/2018\/06\/2014-02-lecrabe.jpg?fit=992%2C814&ssl=1&resize=350%2C200 1x, https:\/\/i0.wp.com\/thomasgroslier.fr\/wp-content\/uploads\/2018\/06\/2014-02-lecrabe.jpg?fit=992%2C814&ssl=1&resize=525%2C300 1.5x, https:\/\/i0.wp.com\/thomasgroslier.fr\/wp-content\/uploads\/2018\/06\/2014-02-lecrabe.jpg?fit=992%2C814&ssl=1&resize=700%2C400 2x"},"classes":[]},{"id":14958,"url":"https:\/\/thomasgroslier.fr\/en\/product\/au-jardin-2\/","url_meta":{"origin":15551,"position":3},"title":"Au jardin (2)","author":"T\u00e9g\u00e9","date":"26 October 2010","format":false,"excerpt":"Temp\u00e9ra \u00e0 l'\u0153uf sur toile 27 x 22 x 1,5 cm Sign\u00e9e au dos \u00a0Paiement s\u00e9curis\u00e9 D\u00e9lais de livraison : 4 \u00e0 10 jours \u00a0 \u00a0","rel":"","context":"Similar post","block_context":{"text":"Similar post","link":""},"img":{"alt_text":"Au jardin - Groslier Thomas, peinture","src":"https:\/\/i0.wp.com\/thomasgroslier.fr\/wp-content\/uploads\/2024\/10\/2010-05-au-jardin-WEB.jpg?fit=956%2C1200&ssl=1&resize=350%2C200","width":350,"height":200,"srcset":"https:\/\/i0.wp.com\/thomasgroslier.fr\/wp-content\/uploads\/2024\/10\/2010-05-au-jardin-WEB.jpg?fit=956%2C1200&ssl=1&resize=350%2C200 1x, https:\/\/i0.wp.com\/thomasgroslier.fr\/wp-content\/uploads\/2024\/10\/2010-05-au-jardin-WEB.jpg?fit=956%2C1200&ssl=1&resize=525%2C300 1.5x, https:\/\/i0.wp.com\/thomasgroslier.fr\/wp-content\/uploads\/2024\/10\/2010-05-au-jardin-WEB.jpg?fit=956%2C1200&ssl=1&resize=700%2C400 2x"},"classes":[]},{"id":14777,"url":"https:\/\/thomasgroslier.fr\/en\/product\/quatre-baigneuses-2\/","url_meta":{"origin":15551,"position":4},"title":"\u00ab\u00a0Quatre baigneuses\u00a0\u00bb","author":"T\u00e9g\u00e9","date":"29 September 2021","format":false,"excerpt":"2021 Encadrement : m\u00e9tal argent mat bross\u00e9 Peinture \u00e0 l'huile sur bois de peuplier Dimensions : 40 cm x 40 cm X 1,5 cm D\u00e9lais de livraison : 4 \u00e0 10 jours \u00a0","rel":"","context":"Similar post","block_context":{"text":"Similar post","link":""},"img":{"alt_text":"femmes prenant un bain de mer","src":"https:\/\/i0.wp.com\/thomasgroslier.fr\/wp-content\/uploads\/2024\/09\/quatre-baingeuse-encadre-web.jpg?fit=850%2C838&ssl=1&resize=350%2C200","width":350,"height":200,"srcset":"https:\/\/i0.wp.com\/thomasgroslier.fr\/wp-content\/uploads\/2024\/09\/quatre-baingeuse-encadre-web.jpg?fit=850%2C838&ssl=1&resize=350%2C200 1x, https:\/\/i0.wp.com\/thomasgroslier.fr\/wp-content\/uploads\/2024\/09\/quatre-baingeuse-encadre-web.jpg?fit=850%2C838&ssl=1&resize=525%2C300 1.5x, https:\/\/i0.wp.com\/thomasgroslier.fr\/wp-content\/uploads\/2024\/09\/quatre-baingeuse-encadre-web.jpg?fit=850%2C838&ssl=1&resize=700%2C400 2x"},"classes":[]},{"id":15950,"url":"https:\/\/thomasgroslier.fr\/en\/product\/modele-peintre-et-souris\/","url_meta":{"origin":15551,"position":5},"title":"\"Model, painter, and mouse\"","author":"T\u00e9g\u00e9","date":"29 November 2020","format":false,"excerpt":"2011 Huile sur toile tendue sur ch\u00e2ssis 41 cm x 33 cm x 2 cm","rel":"","context":"Similar post","block_context":{"text":"Similar post","link":""},"img":{"alt_text":"le peintre et son mod\u00e8le","src":"https:\/\/i0.wp.com\/thomasgroslier.fr\/wp-content\/uploads\/2022\/09\/08-2011.NuPeintreEtSouris.jpg?fit=688%2C850&ssl=1&resize=350%2C200","width":350,"height":200,"srcset":"https:\/\/i0.wp.com\/thomasgroslier.fr\/wp-content\/uploads\/2022\/09\/08-2011.NuPeintreEtSouris.jpg?fit=688%2C850&ssl=1&resize=350%2C200 1x, https:\/\/i0.wp.com\/thomasgroslier.fr\/wp-content\/uploads\/2022\/09\/08-2011.NuPeintreEtSouris.jpg?fit=688%2C850&ssl=1&resize=525%2C300 1.5x"},"classes":[]}],"jetpack_likes_enabled":true,"_links":{"self":[{"href":"https:\/\/thomasgroslier.fr\/en\/wp-json\/wp\/v2\/product\/15551","targetHints":{"allow":["GET"]}}],"collection":[{"href":"https:\/\/thomasgroslier.fr\/en\/wp-json\/wp\/v2\/product"}],"about":[{"href":"https:\/\/thomasgroslier.fr\/en\/wp-json\/wp\/v2\/types\/product"}],"wp:featuredmedia":[{"embeddable":true,"href":"https:\/\/thomasgroslier.fr\/en\/wp-json\/wp\/v2\/media\/15553"}],"wp:attachment":[{"href":"https:\/\/thomasgroslier.fr\/en\/wp-json\/wp\/v2\/media?parent=15551"}],"wp:term":[{"taxonomy":"product_brand","embeddable":true,"href":"https:\/\/thomasgroslier.fr\/en\/wp-json\/wp\/v2\/product_brand?post=15551"},{"taxonomy":"product_cat","embeddable":true,"href":"https:\/\/thomasgroslier.fr\/en\/wp-json\/wp\/v2\/product_cat?post=15551"},{"taxonomy":"product_tag","embeddable":true,"href":"https:\/\/thomasgroslier.fr\/en\/wp-json\/wp\/v2\/product_tag?post=15551"}],"curies":[{"name":"wp","href":"https:\/\/api.w.org\/{rel}","templated":true}]}}