{"id":16120,"date":"2020-01-26T09:06:38","date_gmt":"2020-01-26T08:06:38","guid":{"rendered":"https:\/\/thomasgroslier.fr\/?post_type=product&#038;p=16120"},"modified":"2026-02-13T13:05:13","modified_gmt":"2026-02-13T12:05:13","slug":"la-demoiselle-de-la-nuit","status":"publish","type":"product","link":"https:\/\/thomasgroslier.fr\/en\/product\/la-demoiselle-de-la-nuit\/","title":{"rendered":"\"The Lady of the Night\""},"content":{"rendered":"<figure id=\"attachment_2432\" aria-describedby=\"caption-attachment-2432\" style=\"width: 359px\" class=\"wp-caption alignnone\"><a href=\"https:\/\/thomasgroslier.fr\/en\/11-2012-lademoiselledelanui\/\"><img data-recalc-dims=\"1\" loading=\"lazy\" decoding=\"async\" data-attachment-id=\"2432\" data-permalink=\"https:\/\/thomasgroslier.fr\/en\/?attachment_id=2432\" data-orig-file=\"https:\/\/i0.wp.com\/thomasgroslier.fr\/wp-content\/uploads\/2019\/03\/11-2012.LaDemoiselleDeLaNui.jpg?fit=659%2C850&ssl=1\" data-orig-size=\"659,850\" data-comments-opened=\"1\" data-image-meta=\"{&quot;aperture&quot;:&quot;0&quot;,&quot;credit&quot;:&quot;&quot;,&quot;camera&quot;:&quot;&quot;,&quot;caption&quot;:&quot;&quot;,&quot;created_timestamp&quot;:&quot;0&quot;,&quot;copyright&quot;:&quot;&quot;,&quot;focal_length&quot;:&quot;0&quot;,&quot;iso&quot;:&quot;0&quot;,&quot;shutter_speed&quot;:&quot;0&quot;,&quot;title&quot;:&quot;&quot;,&quot;orientation&quot;:&quot;0&quot;}\" data-image-title=\"la-demoiselle-de-la-nuit.jpg\" data-image-description=\"<p>\u00ab\u00a0Demoiselle de la nuit\u00a0\u00bb 2012 Encre de Chine et aquarelle sur papier 65 x 50 cm<\/p>\" data-image-caption=\"<p>\u00ab\u00a0Demoiselle de la nuit\u00a0\u00bb 2012 Encre de Chine et aquarelle sur papier 65 x 50 cm<\/p>\" data-large-file=\"https:\/\/i0.wp.com\/thomasgroslier.fr\/wp-content\/uploads\/2019\/03\/11-2012.LaDemoiselleDeLaNui.jpg?fit=640%2C825&ssl=1\" class=\"wp-image-2432\" src=\"https:\/\/i0.wp.com\/thomasgroslier.fr\/wp-content\/uploads\/2019\/03\/11-2012.LaDemoiselleDeLaNui.jpg?resize=359%2C463&ssl=1\" alt=\"Thomas Groslier &quot;Demoiselle de la nuit&quot; 2012 Encre de Chine et aquarelle sur papier 65 x 50 cm\" width=\"359\" height=\"463\" srcset=\"https:\/\/i0.wp.com\/thomasgroslier.fr\/wp-content\/uploads\/2019\/03\/11-2012.LaDemoiselleDeLaNui.jpg?w=659&ssl=1 659w, https:\/\/i0.wp.com\/thomasgroslier.fr\/wp-content\/uploads\/2019\/03\/11-2012.LaDemoiselleDeLaNui.jpg?resize=233%2C300&ssl=1 233w, https:\/\/i0.wp.com\/thomasgroslier.fr\/wp-content\/uploads\/2019\/03\/11-2012.LaDemoiselleDeLaNui.jpg?resize=350%2C451&ssl=1 350w\" sizes=\"auto, (max-width: 359px) 100vw, 359px\" \/><\/a><figcaption id=\"caption-attachment-2432\" class=\"wp-caption-text\">\u00ab\u00a0Demoiselle de la nuit\u00a0\u00bb 2012 Encre de Chine et aquarelle sur papier 65 x 50 cm<\/figcaption><\/figure>\n<p><span style=\"font-size: 20px;\">2012<\/span><\/p>\n<p><span style=\"font-size: 20px;\"><strong>Technique :<\/strong> Crayon, encre de Chine et aquarelle sur papier 300 gr<\/span><\/p>\n<p><span style=\"font-size: 20px;\"><strong>Dimentions :<\/strong> 65 cm x 50 cm x 0,20 cm<\/span><\/p>\n<p><span style=\"font-size: 20px;\">Signed in the lower right and on the back<\/span><\/p>\n<p><span style=\"font-size: 20px;\"><strong>Certificat d\u2019authenticit\u00e9<\/strong><\/span><\/p>\n<p><span style=\"font-size: 20px;\"><strong>Delivery: 4 to 10 days<\/strong> Tracked Colissimo with insurance:<\/span><\/p>\n<p><span class=\"woocommerce-Price-amount amount\" style=\"font-size: 20px;\"><bdi>France = 16.00<span class=\"woocommerce-Price-currencySymbol\">\u20ac<\/span><\/bdi><\/span><\/p>\n<p><span style=\"font-size: 20px;\">Europe = 24 \u20ac<\/span><\/p>\n<p><span style=\"font-size: 20px;\">International = 37 \u20ac<\/span><\/p>","protected":false},"excerpt":{"rendered":"<p><span style=\"font-size: 20px;\">2012<\/span><\/p>\n<p><span style=\"font-size: 20px;\"><strong>Technique :<\/strong> Crayon, encre de Chine et aquarelle sur papier 300 gr<\/span><\/p>\n<p><span style=\"font-size: 20px;\"><strong>Dimentions :<\/strong> 65 cm x 50 cm x 0,20 cm<\/span><\/p>\n<p><span style=\"font-size: 20px;\">Signed in the lower right and on the back<\/span><\/p>\n<p><span style=\"font-size: 20px;\"><strong>Certificate of Authenticity<\/strong><\/span><\/p>\n<p><span style=\"font-size: 20px;\"><strong>Delivery: 4 to 10 days<\/strong> Tracked Colissimo with insurance:<\/span><\/p>\n<p><span class=\"woocommerce-Price-amount amount\" style=\"font-size: 20px;\"><bdi>France = 16.00<span class=\"woocommerce-Price-currencySymbol\">\u20ac<\/span><\/bdi><\/span><\/p>\n<p><span style=\"font-size: 20px;\">Europe = 24 \u20ac<\/span><\/p>\n<p><span style=\"font-size: 20px;\">International = 37 \u20ac<\/span><\/p>","protected":false},"featured_media":2432,"template":"","meta":{"_themeisle_gutenberg_block_has_review":false,"jetpack_post_was_ever_published":true,"jetpack_publicize_message":"","jetpack_publicize_feature_enabled":true,"jetpack_social_post_already_shared":true,"jetpack_social_options":{"image_generator_settings":{"template":"highway","default_image_id":0,"font":"","enabled":false},"version":2}},"product_brand":[],"product_cat":[110,56,104,89],"product_tag":[],"class_list":{"0":"post-16120","1":"product","2":"type-product","3":"status-publish","4":"has-post-thumbnail","6":"product_cat-aquarelle","7":"product_cat-dessin","8":"product_cat-scene-de-genre","9":"product_cat-toute-categories","10":"product_shipping_class-envoi-suivi-la-poste","11":"","13":"first","14":"instock","15":"shipping-taxable","16":"purchasable","17":"product-type-simple"},"yoast_head":"<!-- This site is optimized with the Yoast SEO plugin v27.5 - https:\/\/yoast.com\/product\/yoast-seo-wordpress\/ -->\n<title>&quot;La demoiselle de la nuit&quot; - Thomas Groslier - Artiste peintre<\/title>\n<meta name=\"description\" content=\"2012 Aquarelle, temp\u00e9ra et encre de Chine sur papier 50 x 65 cm\" \/>\n<meta name=\"robots\" content=\"index, follow, max-snippet:-1, max-image-preview:large, max-video-preview:-1\" \/>\n<link rel=\"canonical\" href=\"https:\/\/thomasgroslier.fr\/en\/product\/la-demoiselle-de-la-nuit\/\" \/>\n<meta property=\"og:locale\" content=\"en_GB\" \/>\n<meta property=\"og:type\" content=\"article\" \/>\n<meta property=\"og:title\" content=\"&quot;La demoiselle de la nuit&quot; - Thomas Groslier - Artiste peintre\" \/>\n<meta property=\"og:description\" content=\"2012 Aquarelle, temp\u00e9ra et encre de Chine sur papier 50 x 65 cm\" \/>\n<meta property=\"og:url\" content=\"https:\/\/thomasgroslier.fr\/en\/product\/la-demoiselle-de-la-nuit\/\" \/>\n<meta property=\"og:site_name\" content=\"Thomas Groslier - Artiste peintre\" \/>\n<meta property=\"article:modified_time\" content=\"2026-02-13T12:05:13+00:00\" \/>\n<meta property=\"og:image\" content=\"https:\/\/thomasgroslier.fr\/wp-content\/uploads\/2019\/03\/11-2012.LaDemoiselleDeLaNui.jpg\" \/>\n\t<meta property=\"og:image:width\" content=\"659\" \/>\n\t<meta property=\"og:image:height\" content=\"850\" \/>\n\t<meta property=\"og:image:type\" content=\"image\/jpeg\" \/>\n<meta name=\"twitter:card\" content=\"summary_large_image\" \/>\n<meta name=\"twitter:label1\" content=\"Estimated reading time\" \/>\n\t<meta name=\"twitter:data1\" content=\"1 minute\" \/>\n<script type=\"application\/ld+json\" class=\"yoast-schema-graph\">{\"@context\":\"https:\\\/\\\/schema.org\",\"@graph\":[{\"@type\":\"WebPage\",\"@id\":\"https:\\\/\\\/thomasgroslier.fr\\\/produit\\\/la-demoiselle-de-la-nuit\\\/\",\"url\":\"https:\\\/\\\/thomasgroslier.fr\\\/produit\\\/la-demoiselle-de-la-nuit\\\/\",\"name\":\"\\\"La demoiselle de la nuit\\\" - Thomas Groslier - Artiste peintre\",\"isPartOf\":{\"@id\":\"https:\\\/\\\/thomasgroslier.fr\\\/#website\"},\"primaryImageOfPage\":{\"@id\":\"https:\\\/\\\/thomasgroslier.fr\\\/produit\\\/la-demoiselle-de-la-nuit\\\/#primaryimage\"},\"image\":{\"@id\":\"https:\\\/\\\/thomasgroslier.fr\\\/produit\\\/la-demoiselle-de-la-nuit\\\/#primaryimage\"},\"thumbnailUrl\":\"https:\\\/\\\/i0.wp.com\\\/thomasgroslier.fr\\\/wp-content\\\/uploads\\\/2019\\\/03\\\/11-2012.LaDemoiselleDeLaNui.jpg?fit=659%2C850&ssl=1\",\"datePublished\":\"2020-01-26T08:06:38+00:00\",\"dateModified\":\"2026-02-13T12:05:13+00:00\",\"description\":\"2012 Aquarelle, temp\u00e9ra et encre de Chine sur papier 50 x 65 cm\",\"breadcrumb\":{\"@id\":\"https:\\\/\\\/thomasgroslier.fr\\\/produit\\\/la-demoiselle-de-la-nuit\\\/#breadcrumb\"},\"inLanguage\":\"en-GB\",\"potentialAction\":[{\"@type\":\"ReadAction\",\"target\":[\"https:\\\/\\\/thomasgroslier.fr\\\/produit\\\/la-demoiselle-de-la-nuit\\\/\"]}]},{\"@type\":\"ImageObject\",\"inLanguage\":\"en-GB\",\"@id\":\"https:\\\/\\\/thomasgroslier.fr\\\/produit\\\/la-demoiselle-de-la-nuit\\\/#primaryimage\",\"url\":\"https:\\\/\\\/i0.wp.com\\\/thomasgroslier.fr\\\/wp-content\\\/uploads\\\/2019\\\/03\\\/11-2012.LaDemoiselleDeLaNui.jpg?fit=659%2C850&ssl=1\",\"contentUrl\":\"https:\\\/\\\/i0.wp.com\\\/thomasgroslier.fr\\\/wp-content\\\/uploads\\\/2019\\\/03\\\/11-2012.LaDemoiselleDeLaNui.jpg?fit=659%2C850&ssl=1\",\"width\":659,\"height\":850,\"caption\":\"\\\"Demoiselle de la nuit\\\" 2012 Encre de Chine et aquarelle sur papier 65 x 50 cm\"},{\"@type\":\"BreadcrumbList\",\"@id\":\"https:\\\/\\\/thomasgroslier.fr\\\/produit\\\/la-demoiselle-de-la-nuit\\\/#breadcrumb\",\"itemListElement\":[{\"@type\":\"ListItem\",\"position\":1,\"name\":\"Accueil\",\"item\":\"https:\\\/\\\/thomasgroslier.fr\\\/\"},{\"@type\":\"ListItem\",\"position\":2,\"name\":\"La boutique\",\"item\":\"https:\\\/\\\/thomasgroslier.fr\\\/la-boutique\\\/\"},{\"@type\":\"ListItem\",\"position\":3,\"name\":\"\u00ab\u00a0La demoiselle de la nuit\u00a0\u00bb\"}]},{\"@type\":\"WebSite\",\"@id\":\"https:\\\/\\\/thomasgroslier.fr\\\/#website\",\"url\":\"https:\\\/\\\/thomasgroslier.fr\\\/\",\"name\":\"Thomas Groslier - Artiste peintre\",\"description\":\"\",\"publisher\":{\"@id\":\"https:\\\/\\\/thomasgroslier.fr\\\/#organization\"},\"alternateName\":\"Thomas Groslier\",\"potentialAction\":[{\"@type\":\"SearchAction\",\"target\":{\"@type\":\"EntryPoint\",\"urlTemplate\":\"https:\\\/\\\/thomasgroslier.fr\\\/?s={search_term_string}\"},\"query-input\":{\"@type\":\"PropertyValueSpecification\",\"valueRequired\":true,\"valueName\":\"search_term_string\"}}],\"inLanguage\":\"en-GB\"},{\"@type\":\"Organization\",\"@id\":\"https:\\\/\\\/thomasgroslier.fr\\\/#organization\",\"name\":\"Thomas Groslier - Artiste peintre\",\"url\":\"https:\\\/\\\/thomasgroslier.fr\\\/\",\"logo\":{\"@type\":\"ImageObject\",\"inLanguage\":\"en-GB\",\"@id\":\"https:\\\/\\\/thomasgroslier.fr\\\/#\\\/schema\\\/logo\\\/image\\\/\",\"url\":\"https:\\\/\\\/i0.wp.com\\\/thomasgroslier.fr\\\/wp-content\\\/uploads\\\/2018\\\/06\\\/cropped-cropped-cropped-autoportrait-le-soir1.jpg?fit=512%2C512&ssl=1\",\"contentUrl\":\"https:\\\/\\\/i0.wp.com\\\/thomasgroslier.fr\\\/wp-content\\\/uploads\\\/2018\\\/06\\\/cropped-cropped-cropped-autoportrait-le-soir1.jpg?fit=512%2C512&ssl=1\",\"width\":512,\"height\":512,\"caption\":\"Thomas Groslier - Artiste peintre\"},\"image\":{\"@id\":\"https:\\\/\\\/thomasgroslier.fr\\\/#\\\/schema\\\/logo\\\/image\\\/\"}}]}<\/script>\n<!-- \/ Yoast SEO plugin. -->","yoast_head_json":{"title":"\"La demoiselle de la nuit\" - Thomas Groslier - Artiste peintre","description":"2012 Aquarelle, temp\u00e9ra et encre de Chine sur papier 50 x 65 cm","robots":{"index":"index","follow":"follow","max-snippet":"max-snippet:-1","max-image-preview":"max-image-preview:large","max-video-preview":"max-video-preview:-1"},"canonical":"https:\/\/thomasgroslier.fr\/en\/product\/la-demoiselle-de-la-nuit\/","og_locale":"en_GB","og_type":"article","og_title":"\"La demoiselle de la nuit\" - Thomas Groslier - Artiste peintre","og_description":"2012 Aquarelle, temp\u00e9ra et encre de Chine sur papier 50 x 65 cm","og_url":"https:\/\/thomasgroslier.fr\/en\/product\/la-demoiselle-de-la-nuit\/","og_site_name":"Thomas Groslier - Artiste peintre","article_modified_time":"2026-02-13T12:05:13+00:00","og_image":[{"width":659,"height":850,"url":"https:\/\/thomasgroslier.fr\/wp-content\/uploads\/2019\/03\/11-2012.LaDemoiselleDeLaNui.jpg","type":"image\/jpeg"}],"twitter_card":"summary_large_image","twitter_misc":{"Estimated reading time":"1 minute"},"schema":{"@context":"https:\/\/schema.org","@graph":[{"@type":"WebPage","@id":"https:\/\/thomasgroslier.fr\/produit\/la-demoiselle-de-la-nuit\/","url":"https:\/\/thomasgroslier.fr\/produit\/la-demoiselle-de-la-nuit\/","name":"\"La demoiselle de la nuit\" - Thomas Groslier - Artiste peintre","isPartOf":{"@id":"https:\/\/thomasgroslier.fr\/#website"},"primaryImageOfPage":{"@id":"https:\/\/thomasgroslier.fr\/produit\/la-demoiselle-de-la-nuit\/#primaryimage"},"image":{"@id":"https:\/\/thomasgroslier.fr\/produit\/la-demoiselle-de-la-nuit\/#primaryimage"},"thumbnailUrl":"https:\/\/i0.wp.com\/thomasgroslier.fr\/wp-content\/uploads\/2019\/03\/11-2012.LaDemoiselleDeLaNui.jpg?fit=659%2C850&ssl=1","datePublished":"2020-01-26T08:06:38+00:00","dateModified":"2026-02-13T12:05:13+00:00","description":"2012 Aquarelle, temp\u00e9ra et encre de Chine sur papier 50 x 65 cm","breadcrumb":{"@id":"https:\/\/thomasgroslier.fr\/produit\/la-demoiselle-de-la-nuit\/#breadcrumb"},"inLanguage":"en-GB","potentialAction":[{"@type":"ReadAction","target":["https:\/\/thomasgroslier.fr\/produit\/la-demoiselle-de-la-nuit\/"]}]},{"@type":"ImageObject","inLanguage":"en-GB","@id":"https:\/\/thomasgroslier.fr\/produit\/la-demoiselle-de-la-nuit\/#primaryimage","url":"https:\/\/i0.wp.com\/thomasgroslier.fr\/wp-content\/uploads\/2019\/03\/11-2012.LaDemoiselleDeLaNui.jpg?fit=659%2C850&ssl=1","contentUrl":"https:\/\/i0.wp.com\/thomasgroslier.fr\/wp-content\/uploads\/2019\/03\/11-2012.LaDemoiselleDeLaNui.jpg?fit=659%2C850&ssl=1","width":659,"height":850,"caption":"\"Demoiselle de la nuit\" 2012 Encre de Chine et aquarelle sur papier 65 x 50 cm"},{"@type":"BreadcrumbList","@id":"https:\/\/thomasgroslier.fr\/produit\/la-demoiselle-de-la-nuit\/#breadcrumb","itemListElement":[{"@type":"ListItem","position":1,"name":"Accueil","item":"https:\/\/thomasgroslier.fr\/"},{"@type":"ListItem","position":2,"name":"La boutique","item":"https:\/\/thomasgroslier.fr\/la-boutique\/"},{"@type":"ListItem","position":3,"name":"\u00ab\u00a0La demoiselle de la nuit\u00a0\u00bb"}]},{"@type":"WebSite","@id":"https:\/\/thomasgroslier.fr\/#website","url":"https:\/\/thomasgroslier.fr\/","name":"Thomas Groslier - Artiste peintre","description":"","publisher":{"@id":"https:\/\/thomasgroslier.fr\/#organization"},"alternateName":"Thomas Groslier","potentialAction":[{"@type":"SearchAction","target":{"@type":"EntryPoint","urlTemplate":"https:\/\/thomasgroslier.fr\/?s={search_term_string}"},"query-input":{"@type":"PropertyValueSpecification","valueRequired":true,"valueName":"search_term_string"}}],"inLanguage":"en-GB"},{"@type":"Organization","@id":"https:\/\/thomasgroslier.fr\/#organization","name":"Thomas Groslier - Artiste peintre","url":"https:\/\/thomasgroslier.fr\/","logo":{"@type":"ImageObject","inLanguage":"en-GB","@id":"https:\/\/thomasgroslier.fr\/#\/schema\/logo\/image\/","url":"https:\/\/i0.wp.com\/thomasgroslier.fr\/wp-content\/uploads\/2018\/06\/cropped-cropped-cropped-autoportrait-le-soir1.jpg?fit=512%2C512&ssl=1","contentUrl":"https:\/\/i0.wp.com\/thomasgroslier.fr\/wp-content\/uploads\/2018\/06\/cropped-cropped-cropped-autoportrait-le-soir1.jpg?fit=512%2C512&ssl=1","width":512,"height":512,"caption":"Thomas Groslier - Artiste peintre"},"image":{"@id":"https:\/\/thomasgroslier.fr\/#\/schema\/logo\/image\/"}}]}},"jetpack_publicize_connections":[],"jetpack_sharing_enabled":true,"jetpack-related-posts":[{"id":16118,"url":"https:\/\/thomasgroslier.fr\/en\/product\/les-fagots\/","url_meta":{"origin":16120,"position":0},"title":"\u201cThe Bundles\u201d","author":"T\u00e9g\u00e9","date":"25 January 2020","format":false,"excerpt":"2012 Technique : Crayon, encre de Chine et aquarelle sur papier 300 gr Dimentions : 65 cm x 50 cm x 0,20 cm Sign\u00e9 en bas \u00e0 droite et au dos. Certificat d'authenticit\u00e9 Livraison\u00a0 : 4 \u00e0 10 jours. Colissimo suivi avec assurance : France = 16.00\u20ac Europe = 24\u2026","rel":"","context":"Similar post","block_context":{"text":"Similar post","link":""},"img":{"alt_text":"Thomas Groslier, \"Les fagots\" 2012 Encre de Chine et aquarelle sur papier 65 x 50 cm","src":"https:\/\/i0.wp.com\/thomasgroslier.fr\/wp-content\/uploads\/2019\/03\/10-2012.LesFagots.jpg?fit=645%2C850&ssl=1&resize=350%2C200","width":350,"height":200,"srcset":"https:\/\/i0.wp.com\/thomasgroslier.fr\/wp-content\/uploads\/2019\/03\/10-2012.LesFagots.jpg?fit=645%2C850&ssl=1&resize=350%2C200 1x, https:\/\/i0.wp.com\/thomasgroslier.fr\/wp-content\/uploads\/2019\/03\/10-2012.LesFagots.jpg?fit=645%2C850&ssl=1&resize=525%2C300 1.5x"},"classes":[]},{"id":15941,"url":"https:\/\/thomasgroslier.fr\/en\/product\/le-jardin\/","url_meta":{"origin":16120,"position":1},"title":"The garden","author":"T\u00e9g\u00e9","date":"17 November 2020","format":false,"excerpt":"2012 Huile sur toile tendue sur ch\u00e2ssis 73 x 92 cm x 2 cm Encadrement bois noir (82 cm x 101 cm) D\u00e9lais de livraison : 4 \u00e0 10 jours Envoi en Colissimo recommand\u00e9 avec suivi et assurance ad valorem Il y a dans ce jardin quelque chose d\u2019ent\u00eat\u00e9, de\u2026","rel":"","context":"Similar post","block_context":{"text":"Similar post","link":""},"img":{"alt_text":"Peinture \u00e0 l\u2019huile repr\u00e9sentant un jardin clos o\u00f9 un fragment de statue \u2013 un pied monumental \u2013 repose sur un socle, entour\u00e9 de buissons taill\u00e9s, d\u2019un poirier paliss\u00e9 et d\u2019un paysage calme sous un ciel bleu","src":"https:\/\/i0.wp.com\/thomasgroslier.fr\/wp-content\/uploads\/2018\/07\/2012-07-pied-demichel-ange.jpg?fit=887%2C688&ssl=1&resize=350%2C200","width":350,"height":200,"srcset":"https:\/\/i0.wp.com\/thomasgroslier.fr\/wp-content\/uploads\/2018\/07\/2012-07-pied-demichel-ange.jpg?fit=887%2C688&ssl=1&resize=350%2C200 1x, https:\/\/i0.wp.com\/thomasgroslier.fr\/wp-content\/uploads\/2018\/07\/2012-07-pied-demichel-ange.jpg?fit=887%2C688&ssl=1&resize=525%2C300 1.5x, https:\/\/i0.wp.com\/thomasgroslier.fr\/wp-content\/uploads\/2018\/07\/2012-07-pied-demichel-ange.jpg?fit=887%2C688&ssl=1&resize=700%2C400 2x"},"classes":[]},{"id":10360,"url":"https:\/\/thomasgroslier.fr\/en\/product\/jardin-de-nuit\/","url_meta":{"origin":16120,"position":2},"title":"Night garden","author":"T\u00e9g\u00e9","date":"2 April 2014","format":false,"excerpt":"2012 Huile sur toile de lin tendue sur ch\u00e2ssis 60 cm x 73 cm X 2 cm D\u00e9lais de livraison : 4 \u00e0 10 jours \u00a0 \u00a0","rel":"","context":"Similar post","block_context":{"text":"Similar post","link":""},"img":{"alt_text":"Jardin de nuit","src":"https:\/\/i0.wp.com\/thomasgroslier.fr\/wp-content\/uploads\/2018\/07\/11-2012automnejardinnuitlum.jpg?fit=709%2C579&ssl=1&resize=350%2C200","width":350,"height":200,"srcset":"https:\/\/i0.wp.com\/thomasgroslier.fr\/wp-content\/uploads\/2018\/07\/11-2012automnejardinnuitlum.jpg?fit=709%2C579&ssl=1&resize=350%2C200 1x, https:\/\/i0.wp.com\/thomasgroslier.fr\/wp-content\/uploads\/2018\/07\/11-2012automnejardinnuitlum.jpg?fit=709%2C579&ssl=1&resize=525%2C300 1.5x, https:\/\/i0.wp.com\/thomasgroslier.fr\/wp-content\/uploads\/2018\/07\/11-2012automnejardinnuitlum.jpg?fit=709%2C579&ssl=1&resize=700%2C400 2x"},"classes":[]},{"id":14962,"url":"https:\/\/thomasgroslier.fr\/en\/product\/vases-nocturnes-2\/","url_meta":{"origin":16120,"position":3},"title":"Nocturnal vases","author":"T\u00e9g\u00e9","date":"29 October 1993","format":false,"excerpt":"1993 Gravure \u00e0 l'eau forte. \u00c9preuve d'artiste 3 exemplaires disponibles Technique : gravure \u00e0 l'eau forte Sur papier V\u00e9lin d'Arches 250 g\/m2 Dimensions du papier = 21,7 x 21,5 cm Dimension de l'image = 19,5 x 20,5 cm D\u00e9lais de livraison : 4 \u00e0 10 jours \u00a0 \u00a0","rel":"","context":"Similar post","block_context":{"text":"Similar post","link":""},"img":{"alt_text":"Gravure \u00e0 l'eau-forte contemporaine","src":"https:\/\/i0.wp.com\/thomasgroslier.fr\/wp-content\/uploads\/2024\/10\/1993-08.vases-nocturnes-2-web-e1741601555689.jpg?fit=908%2C908&ssl=1&resize=350%2C200","width":350,"height":200,"srcset":"https:\/\/i0.wp.com\/thomasgroslier.fr\/wp-content\/uploads\/2024\/10\/1993-08.vases-nocturnes-2-web-e1741601555689.jpg?fit=908%2C908&ssl=1&resize=350%2C200 1x, https:\/\/i0.wp.com\/thomasgroslier.fr\/wp-content\/uploads\/2024\/10\/1993-08.vases-nocturnes-2-web-e1741601555689.jpg?fit=908%2C908&ssl=1&resize=525%2C300 1.5x, https:\/\/i0.wp.com\/thomasgroslier.fr\/wp-content\/uploads\/2024\/10\/1993-08.vases-nocturnes-2-web-e1741601555689.jpg?fit=908%2C908&ssl=1&resize=700%2C400 2x"},"classes":[]},{"id":14963,"url":"https:\/\/thomasgroslier.fr\/en\/product\/vases-nocturnes-2-2\/","url_meta":{"origin":16120,"position":4},"title":"Night Vases 2","author":"T\u00e9g\u00e9","date":"30 October 1993","format":false,"excerpt":"1993 \u00c9preuve d'artiste Deuxi\u00e8me \u00e9tat 2 exemplaires disponibles Technique : gravure \u00e0 l'eau forte et aquatinte Sur papier V\u00e9lin d'Arches 250 g\/m2 Dimensions du papier = 21,7 x 21,5 cm Dimension de l'image = 19,5 x 20,5 cm Sign\u00e9e, dat\u00e9e, titr\u00e9e D\u00e9lais de livraison : 4 \u00e0 10 jours \u00a0\u2026","rel":"","context":"Similar post","block_context":{"text":"Similar post","link":""},"img":{"alt_text":"Gravure \u00e0 l'eau-forte - Groslier","src":"https:\/\/i0.wp.com\/thomasgroslier.fr\/wp-content\/uploads\/2024\/10\/1993-08.Vases-nocturnes-2-web-1.jpg?fit=992%2C928&ssl=1&resize=350%2C200","width":350,"height":200,"srcset":"https:\/\/i0.wp.com\/thomasgroslier.fr\/wp-content\/uploads\/2024\/10\/1993-08.Vases-nocturnes-2-web-1.jpg?fit=992%2C928&ssl=1&resize=350%2C200 1x, https:\/\/i0.wp.com\/thomasgroslier.fr\/wp-content\/uploads\/2024\/10\/1993-08.Vases-nocturnes-2-web-1.jpg?fit=992%2C928&ssl=1&resize=525%2C300 1.5x, https:\/\/i0.wp.com\/thomasgroslier.fr\/wp-content\/uploads\/2024\/10\/1993-08.Vases-nocturnes-2-web-1.jpg?fit=992%2C928&ssl=1&resize=700%2C400 2x"},"classes":[]},{"id":15754,"url":"https:\/\/thomasgroslier.fr\/en\/product\/le-rouge-a-levres\/","url_meta":{"origin":16120,"position":5},"title":"\"Lipstick\"","author":"T\u00e9g\u00e9","date":"26 September 2025","format":false,"excerpt":"\"Le rouge \u00e0 l\u00e8vres\" 2025 Huile sur toile 55 x 46 cm Options : disponible encadr\u00e9e (cadre bois argent\u00e9 et biseaut\u00e9 66 x 53 cm) : + 100 \u20ac, ou non encadr\u00e9e Envoi en Colissimo recommand\u00e9 avec suivi et assurance ad valorem","rel":"","context":"Similar post","block_context":{"text":"Similar post","link":""},"img":{"alt_text":"Peinture d'une femme en robe blanche contemplant un miroir, sur fond de mur gris et fen\u00eatre bleue avec nuages, par Thomas Groslier","src":"https:\/\/i0.wp.com\/thomasgroslier.fr\/wp-content\/uploads\/2025\/09\/2025-06.le-rouge-a-levres-cadre-web.jpg?fit=722%2C850&ssl=1&resize=350%2C200","width":350,"height":200,"srcset":"https:\/\/i0.wp.com\/thomasgroslier.fr\/wp-content\/uploads\/2025\/09\/2025-06.le-rouge-a-levres-cadre-web.jpg?fit=722%2C850&ssl=1&resize=350%2C200 1x, https:\/\/i0.wp.com\/thomasgroslier.fr\/wp-content\/uploads\/2025\/09\/2025-06.le-rouge-a-levres-cadre-web.jpg?fit=722%2C850&ssl=1&resize=525%2C300 1.5x, https:\/\/i0.wp.com\/thomasgroslier.fr\/wp-content\/uploads\/2025\/09\/2025-06.le-rouge-a-levres-cadre-web.jpg?fit=722%2C850&ssl=1&resize=700%2C400 2x"},"classes":[]}],"jetpack_likes_enabled":true,"_links":{"self":[{"href":"https:\/\/thomasgroslier.fr\/en\/wp-json\/wp\/v2\/product\/16120","targetHints":{"allow":["GET"]}}],"collection":[{"href":"https:\/\/thomasgroslier.fr\/en\/wp-json\/wp\/v2\/product"}],"about":[{"href":"https:\/\/thomasgroslier.fr\/en\/wp-json\/wp\/v2\/types\/product"}],"wp:featuredmedia":[{"embeddable":true,"href":"https:\/\/thomasgroslier.fr\/en\/wp-json\/wp\/v2\/media\/2432"}],"wp:attachment":[{"href":"https:\/\/thomasgroslier.fr\/en\/wp-json\/wp\/v2\/media?parent=16120"}],"wp:term":[{"taxonomy":"product_brand","embeddable":true,"href":"https:\/\/thomasgroslier.fr\/en\/wp-json\/wp\/v2\/product_brand?post=16120"},{"taxonomy":"product_cat","embeddable":true,"href":"https:\/\/thomasgroslier.fr\/en\/wp-json\/wp\/v2\/product_cat?post=16120"},{"taxonomy":"product_tag","embeddable":true,"href":"https:\/\/thomasgroslier.fr\/en\/wp-json\/wp\/v2\/product_tag?post=16120"}],"curies":[{"name":"wp","href":"https:\/\/api.w.org\/{rel}","templated":true}]}}